{"id":2931,"date":"2025-02-26T10:12:42","date_gmt":"2025-02-26T13:12:42","guid":{"rendered":"https:\/\/esbagomezclara-cba.infd.edu.ar\/sitio\/?page_id=2931"},"modified":"2026-04-02T21:26:13","modified_gmt":"2026-04-03T00:26:13","slug":"cav-en-ceramica","status":"publish","type":"page","link":"https:\/\/esbagomezclara-cba.infd.edu.ar\/sitio\/cav-en-ceramica\/","title":{"rendered":"CAV en Cer\u00e1mica"},"content":{"rendered":"\n<p><\/p>\n\n\n\n<figure class=\"wp-block-image size-full is-resized\"><img decoding=\"async\" loading=\"lazy\" src=\"https:\/\/esbagomezclara-cba.infd.edu.ar\/sitio\/wp-content\/uploads\/2025\/02\/ceramica-1.jpg\" alt=\"\" class=\"wp-image-2936\" width=\"277\" height=\"361\"\/><\/figure>\n\n\n\n<p>&#x1f450;&#x2728; <strong>Taller Libre de Cer\u00e1mica: Expresi\u00f3n y Creatividad<\/strong> &#x2728;&#x1f450;<\/p>\n\n\n\n<p>En nuestro <strong>Taller de Cer\u00e1mica<\/strong>, ofrecemos un espacio libre y creativo donde cada participante puede explorar tanto la cer\u00e1mica utilitaria como art\u00edstica. Aqu\u00ed, cada proyecto se convierte en una oportunidad para experimentar con formas, texturas y t\u00e9cnicas, permitiendo que cada persona se exprese a trav\u00e9s de sus propios procesos creativos y personales.<\/p>\n\n\n\n<p>Es un espacio de disfrute, donde cada pieza que se crea refleja la individualidad y el proceso \u00fanico de cada uno de nuestros estudiantes.<\/p>\n\n\n\n<p>&#x1f31f; En nuestra instituci\u00f3n, nos regimos por valores fundamentales que gu\u00edan nuestras acciones: <strong>creatividad<\/strong>, <strong>trabajo en equipo<\/strong>, <strong>profesionalismo<\/strong> y <strong>respeto<\/strong>. Estos principios nos permiten brindar un espacio educativo de calidad y enriquecedor, donde cada estudiante puede desarrollar su potencial en un ambiente colaborativo y respetuoso.<\/p>\n\n\n\n<p>\u00a1Atr\u00e9vete a crear, explorar y disfrutar del arte en cada forma! &#x1f3a8;&#x2728;<\/p>\n\n\n\n<p class=\"has-text-align-center\"><strong>Inscripciones e informes:<br>8:00 hs\u00a0 a 12 hs y de 15:00 hs a 20:00hs en Rawson 1651 \u2013 Villa Mar\u00eda \u2013 C\u00f3rdoba. <br>mail:<\/strong>\u00a0bellasartes.nivelmedio@gmail.com\u00a0<br><strong>Whatsapp:<\/strong>\u00a0353-4242386<\/p>\n","protected":false},"excerpt":{"rendered":"<p>&#x1f450;&#x2728; Taller Libre de Cer\u00e1mica: Expresi\u00f3n y Creatividad &#x2728;&#x1f450; En nuestro Taller de Cer\u00e1mica, ofrecemos un espacio libre y creativo donde cada participante puede explorar tanto la cer\u00e1mica utilitaria como art\u00edstica. Aqu\u00ed, cada proyecto se convierte en una oportunidad para experimentar con formas, texturas y t\u00e9cnicas, permitiendo que cada persona se exprese a trav\u00e9s de &#8230; <a title=\"CAV en Cer\u00e1mica\" class=\"read-more\" href=\"https:\/\/esbagomezclara-cba.infd.edu.ar\/sitio\/cav-en-ceramica\/\" aria-label=\"More on CAV en Cer\u00e1mica\">[+]<\/a><\/p>\n","protected":false},"author":208,"featured_media":0,"parent":0,"menu_order":0,"comment_status":"closed","ping_status":"closed","template":"","meta":[],"acf":[],"_links":{"self":[{"href":"https:\/\/esbagomezclara-cba.infd.edu.ar\/sitio\/wp-json\/wp\/v2\/pages\/2931"}],"collection":[{"href":"https:\/\/esbagomezclara-cba.infd.edu.ar\/sitio\/wp-json\/wp\/v2\/pages"}],"about":[{"href":"https:\/\/esbagomezclara-cba.infd.edu.ar\/sitio\/wp-json\/wp\/v2\/types\/page"}],"author":[{"embeddable":true,"href":"https:\/\/esbagomezclara-cba.infd.edu.ar\/sitio\/wp-json\/wp\/v2\/users\/208"}],"replies":[{"embeddable":true,"href":"https:\/\/esbagomezclara-cba.infd.edu.ar\/sitio\/wp-json\/wp\/v2\/comments?post=2931"}],"version-history":[{"count":5,"href":"https:\/\/esbagomezclara-cba.infd.edu.ar\/sitio\/wp-json\/wp\/v2\/pages\/2931\/revisions"}],"predecessor-version":[{"id":3028,"href":"https:\/\/esbagomezclara-cba.infd.edu.ar\/sitio\/wp-json\/wp\/v2\/pages\/2931\/revisions\/3028"}],"wp:attachment":[{"href":"https:\/\/esbagomezclara-cba.infd.edu.ar\/sitio\/wp-json\/wp\/v2\/media?parent=2931"}],"curies":[{"name":"wp","href":"https:\/\/api.w.org\/{rel}","templated":true}]}}