{"id":792,"date":"2018-06-28T17:01:13","date_gmt":"2018-06-28T20:01:13","guid":{"rendered":"https:\/\/esbagomezclara-cba.infd.edu.ar\/sitio\/tec-sup-en-artes-visuales-grabado\/"},"modified":"2026-04-27T11:57:55","modified_gmt":"2026-04-27T14:57:55","slug":"tec-sup-en-artes-visuales-grabado","status":"publish","type":"page","link":"https:\/\/esbagomezclara-cba.infd.edu.ar\/sitio\/tec-sup-en-artes-visuales-grabado\/","title":{"rendered":"Tecnicatura Superior en Artes Visuales"},"content":{"rendered":"\n<p>NUEVO PLAN DE ESTUDIOS RESOLUCION: N 645\/2023<\/p>\n\n\n\n<p>Para el 1\u00b0 a\u00f1o de la carrera a partir del 2024 se pone en vigencia el siguiente plan de estudios. Para mas informaci\u00f3n comunicarse con la instituci\u00f3n.<\/p>\n\n\n<p><strong><img decoding=\"async\" loading=\"lazy\" class=\"alignnone  wp-image-2183\" src=\"https:\/\/esbagomezclara-cba.infd.edu.ar\/sitio\/wp-content\/uploads\/2023\/11\/Captura-de-pantalla-2023-11-03-a-las-12.47.58-870x1000.png\" alt=\"\" width=\"777\" height=\"893\" srcset=\"https:\/\/esbagomezclara-cba.infd.edu.ar\/sitio\/wp-content\/uploads\/2023\/11\/Captura-de-pantalla-2023-11-03-a-las-12.47.58-870x1000.png 870w, https:\/\/esbagomezclara-cba.infd.edu.ar\/sitio\/wp-content\/uploads\/2023\/11\/Captura-de-pantalla-2023-11-03-a-las-12.47.58-768x883.png 768w, https:\/\/esbagomezclara-cba.infd.edu.ar\/sitio\/wp-content\/uploads\/2023\/11\/Captura-de-pantalla-2023-11-03-a-las-12.47.58.png 1028w\" sizes=\"(max-width: 777px) 100vw, 777px\" \/><br \/><img decoding=\"async\" loading=\"lazy\" class=\"alignnone  wp-image-2184\" src=\"https:\/\/esbagomezclara-cba.infd.edu.ar\/sitio\/wp-content\/uploads\/2023\/11\/Captura-de-pantalla-2023-11-03-a-las-12.49.01-1000x990.png\" alt=\"\" width=\"788\" height=\"780\" srcset=\"https:\/\/esbagomezclara-cba.infd.edu.ar\/sitio\/wp-content\/uploads\/2023\/11\/Captura-de-pantalla-2023-11-03-a-las-12.49.01-1000x990.png 1000w, https:\/\/esbagomezclara-cba.infd.edu.ar\/sitio\/wp-content\/uploads\/2023\/11\/Captura-de-pantalla-2023-11-03-a-las-12.49.01-768x760.png 768w, https:\/\/esbagomezclara-cba.infd.edu.ar\/sitio\/wp-content\/uploads\/2023\/11\/Captura-de-pantalla-2023-11-03-a-las-12.49.01.png 1018w\" sizes=\"(max-width: 788px) 100vw, 788px\" \/><br \/><img decoding=\"async\" loading=\"lazy\" class=\"alignnone size-medium wp-image-2185\" src=\"https:\/\/esbagomezclara-cba.infd.edu.ar\/sitio\/wp-content\/uploads\/2023\/11\/Captura-de-pantalla-2023-11-03-a-las-12.49.15-795x1000.png\" alt=\"\" width=\"795\" height=\"1000\" srcset=\"https:\/\/esbagomezclara-cba.infd.edu.ar\/sitio\/wp-content\/uploads\/2023\/11\/Captura-de-pantalla-2023-11-03-a-las-12.49.15-795x1000.png 795w, https:\/\/esbagomezclara-cba.infd.edu.ar\/sitio\/wp-content\/uploads\/2023\/11\/Captura-de-pantalla-2023-11-03-a-las-12.49.15-768x966.png 768w, https:\/\/esbagomezclara-cba.infd.edu.ar\/sitio\/wp-content\/uploads\/2023\/11\/Captura-de-pantalla-2023-11-03-a-las-12.49.15.png 1010w\" sizes=\"(max-width: 795px) 100vw, 795px\" \/><\/strong><\/p>\n<ul>\n<li aria-level=\"1\"><b>Denominaci\u00f3n de la carrera: <\/b><b>Tecnicatura Superior en Artes Visuales<\/b><\/li>\n<\/ul>\n<ul>\n<li aria-level=\"1\"><b>Nivel: <\/b><b>Superior<\/b><\/li>\n<\/ul>\n<ul>\n<li aria-level=\"1\"><b>Acreditaci\u00f3n: se otorga el t\u00edtulo de <\/b><b>T\u00e9cnico Superior en Artes Visuales.<\/b><\/li>\n<\/ul>\n<ul>\n<li aria-level=\"1\"><b>Sector de actividad socio productiva:<\/b><b> Servicios culturales, inform\u00e1ticos y de esparcimiento<\/b><\/li>\n<\/ul>\n<ul>\n<li aria-level=\"1\"><b>Perfil profesional:<\/b><b> Artes visuales<\/b><\/li>\n<\/ul>\n<ul>\n<li aria-level=\"1\"><b>Nivel y ambito de la trayectoria formativa\/carrera: <\/b><b>Educaci\u00f3n t\u00e9cnica de nivel superior<\/b><\/li>\n<\/ul>\n<ul>\n<li aria-level=\"1\"><b>Duraci\u00f3n de la carrera 3 a\u00f1os<\/b><\/li>\n<\/ul>\n<ul>\n<li aria-level=\"1\"><b>Cohortes desde 2024<\/b><\/li>\n<\/ul>\n<p><b>REQUISITOS DE INGRESO: <\/b><b>Secundario terminado, o dentro de las resoluciones 25\/02 y 412\/10 del ministerio de educaci\u00f3n de la pcia de C\u00f3rdoba o aquellas que modifiquen o reemplacen<\/b><\/p>\n<p><em><b>PERFIL PROFESIONAL<\/b><\/em><\/p>\n<p><b>EL T\u00c9CNICO EN ARTES VISUALES EST\u00c1 CAPACITADO PARA:<\/b><\/p>\n<ul>\n<li><b>\u00a0<\/b><b>Producir, ejecutar y dirigir proyectos art\u00edsticos vinculados a las artes visuales y a la cultura, en forma independiente y\/o en equipos interdisciplinarios.<\/b><\/li>\n<li><b>Desarrollar su trabajo de manera creativa, manejando criterios y herramientas espec\u00edficas de las artes visuales, a<\/b><b>decuando tecnolog\u00edas con actitud emprendedora e innovadora.<\/b><\/li>\n<li><b>Actuar comprometidamente con el medio y el contexto real pensando en la <\/b><b>sustentabilidad<\/b><b> como punto de partida.<\/b><\/li>\n<li><b>Conjugar procedimientos de las artes pl\u00e1stico-visuales con las nuevas tecnolog\u00edas digitales,<\/b><b> conforme a criterios profesionales del \u00e1rea art\u00edstica cultural.<\/b><\/li>\n<li><b>Acompa\u00f1ar la gesti\u00f3n y\/o realizar <\/b><b>la gesti\u00f3n de la obra art\u00edstica<\/b><b> considerando la problem\u00e1tica de la inserci\u00f3n de \u00e9sta en el medio, p<\/b><b>romoviendo su circulaci\u00f3n.\u00a0<\/b><\/li>\n<li><b>\u00a0Apostar a la investigaci\u00f3n permanente, capacitaci\u00f3n cont\u00ednua emn v\u00ednculo con sus intereses artisticos profesionales.<\/b><\/li>\n<li><b>\u00a0Crear contenido audiovisual para la diversidad de escenarios y p\u00fablico.<\/b><\/li>\n<li><b>Potenciar la identidad cultural y regional a traves de sus proyectos y actuaciones profesionales<\/b><\/li>\n<\/ul>\n<p><b>\u00c1REA OCUPACIONAL<\/b><b><\/b><\/p>\n<ul>\n<li aria-level=\"1\"><b>El T\u00e9cnico Superior en Artes Visuales podr\u00e1 acceder a puestos laborales en organizaciones privadas o p\u00fablicas, y en diferentes empresas: centros de digitalizaci\u00f3n de la imagen e impresi\u00f3n digital, centros culturales, museos y galer\u00edas de arte, entre otros.<\/b><\/li>\n<\/ul>\n<ul>\n<li aria-level=\"1\"><b>\u00a0Tambi\u00e9n podr\u00e1 ocupar puestos en las diferentes \u00e1reas de dichas empresas: gerencial, administrativa, financiera, comercializaci\u00f3n, planeaci\u00f3n, producci\u00f3n.<\/b><\/li>\n<\/ul>\n<ul>\n<li aria-level=\"1\"><b>\u00a0Entre sus principales \u00e1reas de desarrollo profesional, se encuentran:<\/b><\/li>\n<\/ul>\n<ul>\n<li aria-level=\"1\"><b>\u00a0Empresas relacionadas con el servicio cultural y turismo local.<\/b><\/li>\n<\/ul>\n<ul>\n<li aria-level=\"1\"><b>\u00a0Empresas de gesti\u00f3n de eventos art\u00edsticos y desarrollo creativo.<\/b><\/li>\n<\/ul>\n<ul>\n<li aria-level=\"1\"><b>\u00a0Instituciones sin fines de lucro, como centros culturales, museos, secretar\u00edas de cultura, galer\u00edas de arte, salones, etc.<\/b><b>\u00a0<\/b><\/li>\n<\/ul>\n<ul>\n<li aria-level=\"1\"><b>Instituciones \/ organizaciones p\u00fablicas y privadas cuyo accionar se refiere al desarrollo, y promoci\u00f3n de la actividad cultural vinculada a las artes visuales.<\/b><\/li>\n<\/ul>\n<ul>\n<li aria-level=\"1\"><b>Generar y dirigir su propio emprendimiento.<\/b><\/li>\n<\/ul>\n<p><b>R\u00c9GIMEN DE CURSADA Y CARGA HORARIA<\/b><\/p>\n<p><b>Duraci\u00f3n de la carrera: <\/b><b>Tres a\u00f1os.<\/b><\/p>\n<p><b>Modalidad de cursado: <\/b><b>Combinada<\/b><\/p>\n<p>\u00a0<\/p>\n<p><b>Carga horaria total:<\/b><\/p>\n<p><b>1682 horas reloj<\/b><\/p>\n<p>_____________________________________________________________________________________________________________________________________<\/p>\n<p><strong>Tecnicatura Superior en Artes Visuales (Plan viejo)<\/strong><\/p>\n<p><strong>Duraci\u00f3n<\/strong>: 3 a\u00f1os.<\/p>\n<p><strong>Campo profesional<\/strong>: Los egresados de esta carrera est\u00e1n capacitados en cada una de las especialidades para desempe\u00f1arse en talleres de orientaci\u00f3n espec\u00edfica, talleres terap\u00e9uticos, barriales y de orientaci\u00f3n libre, conformar equipos de trabajos espec\u00edficos en Museos, Centros Culturales y espacios p\u00fablicos.<\/p>\n<p><strong>Condiciones de ingreso:<\/strong> Ciclo de Especializaci\u00f3n o secundario completo.<\/p>\n<p><strong>Instancia de ingreso obligatoria<\/strong> (no eliminatoria).<\/p>\n<p style=\"text-align: center;\"><iframe loading=\"lazy\" src=\"https:\/\/www.youtube.com\/embed\/nR7RqcYcLsU\" width=\"560\" height=\"315\" frameborder=\"0\" allowfullscreen=\"allowfullscreen\"><\/iframe><\/p>","protected":false},"excerpt":{"rendered":"<p>NUEVO PLAN DE ESTUDIOS RESOLUCION: N 645\/2023 Para el 1\u00b0 a\u00f1o de la carrera a partir del 2024 se pone en vigencia el siguiente plan de estudios. Para mas informaci\u00f3n comunicarse con la instituci\u00f3n. Denominaci\u00f3n de la carrera: Tecnicatura Superior en Artes Visuales Nivel: Superior Acreditaci\u00f3n: se otorga el t\u00edtulo de T\u00e9cnico Superior en Artes &#8230; <a title=\"Tecnicatura Superior en Artes Visuales\" class=\"read-more\" href=\"https:\/\/esbagomezclara-cba.infd.edu.ar\/sitio\/tec-sup-en-artes-visuales-grabado\/\" aria-label=\"More on Tecnicatura Superior en Artes Visuales\">[+]<\/a><\/p>\n","protected":false},"author":210,"featured_media":0,"parent":0,"menu_order":0,"comment_status":"closed","ping_status":"closed","template":"","meta":[],"acf":[],"_links":{"self":[{"href":"https:\/\/esbagomezclara-cba.infd.edu.ar\/sitio\/wp-json\/wp\/v2\/pages\/792"}],"collection":[{"href":"https:\/\/esbagomezclara-cba.infd.edu.ar\/sitio\/wp-json\/wp\/v2\/pages"}],"about":[{"href":"https:\/\/esbagomezclara-cba.infd.edu.ar\/sitio\/wp-json\/wp\/v2\/types\/page"}],"author":[{"embeddable":true,"href":"https:\/\/esbagomezclara-cba.infd.edu.ar\/sitio\/wp-json\/wp\/v2\/users\/210"}],"replies":[{"embeddable":true,"href":"https:\/\/esbagomezclara-cba.infd.edu.ar\/sitio\/wp-json\/wp\/v2\/comments?post=792"}],"version-history":[{"count":4,"href":"https:\/\/esbagomezclara-cba.infd.edu.ar\/sitio\/wp-json\/wp\/v2\/pages\/792\/revisions"}],"predecessor-version":[{"id":3041,"href":"https:\/\/esbagomezclara-cba.infd.edu.ar\/sitio\/wp-json\/wp\/v2\/pages\/792\/revisions\/3041"}],"wp:attachment":[{"href":"https:\/\/esbagomezclara-cba.infd.edu.ar\/sitio\/wp-json\/wp\/v2\/media?parent=792"}],"curies":[{"name":"wp","href":"https:\/\/api.w.org\/{rel}","templated":true}]}}